{"id":8,"date":"2015-06-04T14:07:28","date_gmt":"2015-06-04T12:07:28","guid":{"rendered":"http:\/\/fkn.se\/ny\/?page_id=8"},"modified":"2026-01-29T11:50:26","modified_gmt":"2026-01-29T10:50:26","slug":"foreningen","status":"publish","type":"page","link":"https:\/\/fkn.se\/index.php\/foreningen\/","title":{"rendered":"F\u00f6reningen"},"content":{"rendered":"<p style=\"padding-left: 80px; text-align: left;\"><img loading=\"lazy\" decoding=\"async\" class=\"alignright size-full wp-image-55\" src=\"http:\/\/fkn.se\/wp-content\/uploads\/2015\/09\/KN-byst.jpg\" alt=\"KN-byst\" width=\"88\" height=\"129\" \/><\/p>\n<p>F\u00f6reningen Karl Nordstr\u00f6m bildades p\u00e5 Karl-dagen 28\/1 1990.\u00a0Den f\u00f6rsta aktiviteten som f\u00f6reningen genomf\u00f6rde samma sommar var en vandring fr\u00e5n S\u00e4byg\u00e5rden f\u00f6rbi konstn\u00e4rens f\u00f6delseplats p\u00e5 Hoga, Tj\u00f6rn, och vidare till Billstr\u00f6mska Folkh\u00f6gskolan, d\u00e4r Carl Eldhs byst av Karl Nordstr\u00f6m finns sedan 1955.<\/p>\n<p>Under 2005 p\u00e5gick det s k &#8221;Nordstr\u00f6ms-\u00e5ret&#8221; i STO-regionen, vilket innebar en rad arrangemang p\u00e5 Tj\u00f6rn, i Stenungsund och p\u00e5 Orust. Sedan 2014 firar f\u00f6reningen Karl Nordstr\u00f6ms-dagen\u00a0 p\u00e5 konstn\u00e4rens f\u00f6delsedag den 11 juli p\u00e5 Billstr\u00f6mska folkh\u00f6gskolan med olika program i samarbete mellan FKN, Billstr\u00f6mska, Elevf\u00f6rbundet och Tj\u00f6rns kommun.<\/p>\n<p>F\u00f6reningen Karl Nordstr\u00f6m (FKN) har ut\u00f6ver \u00e5rsm\u00f6te i februari-april n\u00e5gon medlemstr\u00e4ff p\u00e5 sommaren, ibland p\u00e5 H\u00e4r\u00f6n, d\u00e4r konstn\u00e4ren sommarbodde under m\u00e5nga \u00e5r.\u00a0 P\u00e5 h\u00f6sten eller v\u00e5ren brukar FKN tr\u00e4ffas i G\u00f6teborg och ibland\u00a0 arrangeras det en resa till n\u00e5gon utst\u00e4llning med anknytning till den tidsperiod d\u00e5 Karl Nordstr\u00f6m var verksam.<\/p>\n<p>Se sidan <a href=\"https:\/\/fkn.se\/index.php\/konstnarsforbundet\/\">konstn\u00e4rsforbundet<\/a> p\u00e5 denna hemsida!<\/p>\n<p><strong>Medlemsavgift<br \/>\n<\/strong>Du blir medlem i F\u00f6reningen Karl Nordstr\u00f6m genom att betala \u00e5rsavgiften 100:- kr p\u00e5 v\u00e5rt bankgiro nr 133-7732 (gl\u00f6m inte skriva med namn, adress, telefonnummer och e-postadress!).<\/p>\n<p>V\u00c4LKOMMEN!<\/p>\n","protected":false},"excerpt":{"rendered":"<p>F\u00f6reningen Karl Nordstr\u00f6m bildades p\u00e5 Karl-dagen 28\/1 1990.\u00a0Den f\u00f6rsta aktiviteten som f\u00f6reningen genomf\u00f6rde samma sommar var en vandring fr\u00e5n S\u00e4byg\u00e5rden f\u00f6rbi konstn\u00e4rens f\u00f6delseplats p\u00e5 Hoga, Tj\u00f6rn, och vidare till Billstr\u00f6mska Folkh\u00f6gskolan, d\u00e4r Carl Eldhs byst av Karl Nordstr\u00f6m finns sedan 1955. Under 2005 p\u00e5gick det s k &#8221;Nordstr\u00f6ms-\u00e5ret&#8221; i STO-regionen, vilket innebar en rad arrangemang &hellip; <a href=\"https:\/\/fkn.se\/index.php\/foreningen\/\" class=\"more-link\">Forts\u00e4tt l\u00e4sa <span class=\"screen-reader-text\">F\u00f6reningen<\/span><\/a><\/p>\n","protected":false},"author":2,"featured_media":0,"parent":0,"menu_order":0,"comment_status":"closed","ping_status":"closed","template":"","meta":{"footnotes":""},"class_list":["post-8","page","type-page","status-publish","hentry"],"_links":{"self":[{"href":"https:\/\/fkn.se\/index.php\/wp-json\/wp\/v2\/pages\/8","targetHints":{"allow":["GET"]}}],"collection":[{"href":"https:\/\/fkn.se\/index.php\/wp-json\/wp\/v2\/pages"}],"about":[{"href":"https:\/\/fkn.se\/index.php\/wp-json\/wp\/v2\/types\/page"}],"author":[{"embeddable":true,"href":"https:\/\/fkn.se\/index.php\/wp-json\/wp\/v2\/users\/2"}],"replies":[{"embeddable":true,"href":"https:\/\/fkn.se\/index.php\/wp-json\/wp\/v2\/comments?post=8"}],"version-history":[{"count":53,"href":"https:\/\/fkn.se\/index.php\/wp-json\/wp\/v2\/pages\/8\/revisions"}],"predecessor-version":[{"id":4575,"href":"https:\/\/fkn.se\/index.php\/wp-json\/wp\/v2\/pages\/8\/revisions\/4575"}],"wp:attachment":[{"href":"https:\/\/fkn.se\/index.php\/wp-json\/wp\/v2\/media?parent=8"}],"curies":[{"name":"wp","href":"https:\/\/api.w.org\/{rel}","templated":true}]}}