{"id":2574,"date":"2020-01-24T17:46:54","date_gmt":"2020-01-24T16:46:54","guid":{"rendered":"http:\/\/fkn2.elji.info\/?page_id=2574"},"modified":"2023-11-05T20:44:06","modified_gmt":"2023-11-05T19:44:06","slug":"biografiska-uppgifter","status":"publish","type":"page","link":"https:\/\/fkn.se\/index.php\/biografiska-uppgifter\/","title":{"rendered":"Biografiska uppgifter"},"content":{"rendered":"<p><u>Ur katalog till utst\u00e4llningen Karl Nordstr\u00f6m 1992-1993; G\u00f6teborgs konstmuseum, Norrk\u00f6pings konstmuseum, Prins Eugens Waldemarsudde, Bohusl\u00e4ns museum<\/u><\/p>\n<p><u>\u00a0<\/u><\/p>\n<table>\n<tbody>\n<tr>\n<td width=\"75\">1855<\/td>\n<td width=\"529\">F\u00f6ddes den 11 juli p\u00e5 Tj\u00f6rn i Bohusl\u00e4n. F\u00f6r\u00e4ldrar: Kronol\u00e4nsman Anders Nordstr\u00f6m och Britt-Louise Hellberg<\/td>\n<\/tr>\n<tr>\n<td width=\"75\">1875-76<\/td>\n<td width=\"529\">Elev p\u00e5 Konstakademins principskola d\u00e4r han l\u00e4r k\u00e4nna Rickard Bergh och Nils Kreuger.<\/td>\n<\/tr>\n<tr>\n<td width=\"75\">1877<\/td>\n<td width=\"529\">Studier i Pers\u00e9us elevskola efter att ha nekats uppflyttning till Antiken vid Konstakademin<\/td>\n<\/tr>\n<tr>\n<td width=\"75\">1880<\/td>\n<td width=\"529\">Vintern p\u00e5 Tj\u00f6rn. P\u00e5 h\u00f6sten avresa till Antwerpen f\u00f6r vidare f\u00e4rd till Bryssel d\u00e4r han stannar f\u00f6r musei- och galleristudier i ca tre m\u00e5nader. Reses\u00e4llskap var konstn\u00e4rskamraten C:F Von Satza.<\/td>\n<\/tr>\n<tr>\n<td width=\"75\">1881<\/td>\n<td width=\"529\">Anl\u00e4nder till Paris i januari d\u00e4r han s\u00e4llar sig till konstn\u00e4rskolonin i Montmartre. \u00c4gnar sig \u00e5t sj\u00e4lvstudier. F\u00e5r s\u00e5 sm\u00e5ningom dela atelj\u00e9 med Robert Thegerstr\u00f6m. Sommaren i Lyonsla- Foret i Normandie. P\u00e5 h\u00f6sten \u00e5ter i Paris. Nordiskt utst\u00e4llnings- och konstn\u00e4rsm\u00f6te i G\u00f6teborg<\/td>\n<\/tr>\n<tr>\n<td width=\"75\">1882<\/td>\n<td width=\"529\">Bes\u00f6ker i s\u00e4llskap med Christian Krohg impressionisternas sjunde utst\u00e4llning i Paris. Debut p\u00e5 Salongen med tv\u00e5 landskap. Studie fr\u00e5n Bure och Tr\u00e4dg\u00e5rd i Montmartre. Flyttar p\u00e5 v\u00e5ren ut till Gr\u00e8s- sur Loing som blir en popul\u00e4r tillflyktsort f\u00f6r svenska konstn\u00e4rer, bl. a f\u00f6r Carl Larsson, ditlockad av Nordstr\u00f6m. \u00c5terv\u00e4nder p\u00e5 sommaren till Sverige d\u00e4r han sl\u00e5r sig ner i f\u00f6r\u00e4ldrahemmet p\u00e5 Tj\u00f6rn. Deltar p\u00e5 h\u00f6sten i en utst\u00e4llning i G\u00f6teborg<\/td>\n<\/tr>\n<tr>\n<td width=\"75\">1883<\/td>\n<td width=\"529\">Vistas p\u00e5 Tj\u00f6rn. Utst\u00e4ller i G\u00f6teborg p\u00e5 v\u00e5ren (Konstf\u00f6reningen). Sammantr\u00e4ffar med Pontus F\u00fcrstenberg p\u00e5 h\u00f6sten<\/td>\n<\/tr>\n<tr>\n<td width=\"75\">1884<\/td>\n<td width=\"529\">\u00c5terv\u00e4nder i mars till Frankrike och sl\u00e5r sig ner i Gr\u00e8s, d\u00e4r han blir bofast till sommaren 1886. Opponenternas strategi l\u00e4ggs upp i Paris under ledning av Ernst Josephson. Man beslutar att anordna en egen utst\u00e4llning i Stockholm kommande \u00e5r \u00bbFr\u00e5n Seinens strand\u00ab<\/td>\n<\/tr>\n<tr>\n<td width=\"75\">1885<\/p>\n<p>&nbsp;<\/td>\n<td width=\"529\">Det stora kamp\u00e5ret f\u00f6r opponentr\u00f6relsen. Deltar i utst\u00e4llningen \u00bbFr\u00e5n Seinens strand\u00ab p\u00e5 Blanchs konstsalong i Stockholm. Kallas i pressen \u00bbGruppens egentlige impressionist\u00ab. Refuserad p\u00e5 salongen i Paris. Stannar hela \u00e5ret i Gr\u00e8s. Umg\u00e5s med August Strindberg under h\u00f6sten. Deltar med Opponenternas utst\u00e4llning i Stockholm p\u00e5 h\u00f6sten<\/td>\n<\/tr>\n<tr>\n<td width=\"75\">1886<\/td>\n<td width=\"529\">Deltar med tv\u00e5 m\u00e5lningar p\u00e5 Salongen, en av dessa. H\u00d6STLANDSKAP, f\u00e5r en f\u00f6rdelaktig placering. Gifter sig med tr\u00e4grav\u00f6ren Tekla Lindestr\u00f6m. \u00c5terv\u00e4nder till Sverige p\u00e5 f\u00f6rsommaren. Deltar i utst\u00e4llnings- och konstn\u00e4rsm\u00f6te som anordnas i samband med att G\u00f6teborgs nya konsthall Valand invigs i augusti (b\u00e5de akademister och opponenter deltar). Konstn\u00e4rsf\u00f6rbundet stiftas. Deltar i Konstn\u00e4rsf\u00f6rbundets f\u00f6rsta utst\u00e4llning i Stockholm p\u00e5 h\u00f6sten.<\/td>\n<\/tr>\n<tr>\n<td width=\"75\">1887<\/td>\n<td width=\"529\">P\u00e5 Tj\u00f6rn. Sommarvistelse p\u00e5 Lyr\u00f6n i bohusl\u00e4nska sk\u00e4rg\u00e5rden. Deltar i Konstn\u00e4rsf\u00f6rbundets andra utst\u00e4llning i G\u00f6teborg.<\/td>\n<\/tr>\n<tr>\n<td width=\"75\">1888<\/td>\n<td width=\"529\">Vintern p\u00e5 Tj\u00f6rn. Flyttar p\u00e5 v\u00e5ren upp till Stockholm. Tillbringar sommaren p\u00e5 Ekn\u00f6 vid Furusund; hans umg\u00e4nge utg\u00f6rs d\u00e4r av Gustaf af Geijerstam och Klas F\u00e5hr\u00e6us med familjer. Hyr f ro m h\u00f6sten \u00bbGula huset\u00ab p\u00e5 Skansen. Deltar i Konstn\u00e4rsf\u00f6rbundets utst\u00e4llning i Stockholm p\u00e5 h\u00f6sten.<\/td>\n<\/tr>\n<tr>\n<td width=\"75\">1889<\/td>\n<td width=\"529\">Deltar med sju verk p\u00e5 V\u00e4rldsutst\u00e4llningen i Paris och dess svenska konstavdelning; ett av verken ink\u00f6ptes av Prins Eugen. Tillbringar sommaren i Visby, d\u00e4r han f\u00f6rutom studier i olja utf\u00f6r en serie kolteckningar. Kontakt med Ivan Agu\u00e9li.<\/td>\n<\/tr>\n<tr>\n<td width=\"75\">1890<\/td>\n<td width=\"529\">Deltar i Konstn\u00e4rsf\u00f6rbundets utst\u00e4llning i Stockholm. Svenska Konstn\u00e4rernas F\u00f6rening bildas i december (Nordstr\u00f6m kommer alltid att st\u00e5 i opposition till denna f\u00f6rening)<\/td>\n<\/tr>\n<tr>\n<td width=\"75\">1891<\/td>\n<td width=\"529\">Schism inom Konstn\u00e4rsf\u00f6rbundet. Richard Bergh ers\u00e4tter i februari George Pauli som ordf\u00f6rande i F\u00f6rbundet; Per Hasselberg blir vice ordf\u00f6rande och Nordstr\u00f6m sekreterare. Konstn\u00e4rsf\u00f6rbundet beslutar i maj att ej delta i den nya f\u00f6reningens utst\u00e4llningar, varf\u00f6r flera medlemmar bl. a George Pauli och Carl Larsson l\u00e4mnar f\u00f6rbundet. Deltar i Nordiska konst- och industriutst\u00e4llningen med konstn\u00e4rsm\u00f6te i G\u00f6teborg. Deltar i Konstn\u00e4rsf\u00f6rbundets utst\u00e4llning i Stockholm.<\/td>\n<\/tr>\n<tr>\n<td width=\"75\">1892<\/td>\n<td width=\"529\">Uppbrott fr\u00e5n Stockholm. Bos\u00e4tter sig p\u00e5 Tj\u00f6rn. Deltar i Konstn\u00e4rsf\u00f6rbundets utst\u00e4llning i K\u00f6pen hamn och f\u00e5r positiv kritik av Emil Hannover. I samband med K\u00f6penhamnsbes\u00f6ket upplever han Gauguins konst i s\u00e4llskap med Bergh och Kreuger.<\/td>\n<\/tr>\n<tr>\n<td width=\"75\">1893<\/td>\n<td width=\"529\">Flyttar i juni till Varberg, d\u00e4r han tillsammans med Bergh och Kreuger bildar den s k Varbergskolonin. Deltar i v\u00e4rldsutst\u00e4llningen i Chicago, d\u00e4r Zorn \u00e4r kommissarie f\u00f6r den svenska konstavdelningen.<\/td>\n<\/tr>\n<tr>\n<td width=\"75\">1894<\/td>\n<td width=\"529\">Varberg. Deltar med framg\u00e5ng p\u00e5 Konstn\u00e4rsf\u00f6rbundets utst\u00e4llning i Stockholm.<\/td>\n<\/tr>\n<tr>\n<td width=\"75\">1895<\/td>\n<td width=\"529\">Deltar med bl. a GRANNG\u00c5RDARNA p\u00e5 Konstn\u00e4rsf\u00f6rbundets v\u00e5rutst\u00e4llning i Stockholm, som anornas i samband med oppositionens tio\u00e5rsjubileum. Sommaren p\u00e5 Tj\u00f6rn. Utst\u00e4ller p\u00e5 den internationella utst\u00e4llningen i Venedig. Flyttar i september till Stockholm, d\u00e4r han bos\u00e4tter sig p\u00e5 Roslagsgatan 63 (f d v\u00e4rdshuset Lilla Ingemarshov). Sommarvistelse p\u00e5 Herr\u00f6n vid Kyrkesund i Bohusl\u00e4n fr o m detta \u00e5r och t o m 1918 (med undantag f\u00f6r somrarna 1908 och 1909).<\/td>\n<\/tr>\n<tr>\n<td width=\"75\">1896<\/td>\n<td width=\"529\">Utses till ordf\u00f6rande i Konstn\u00e4rsf\u00f6rbundet, Bergh blir vice ordf\u00f6rande.<\/td>\n<\/tr>\n<tr>\n<td width=\"75\">1897<\/td>\n<td width=\"529\">Deltar med 19 arbeten p\u00e5 den svenska konstavdelningen vid \u00e5rets stora konst- och industriutst\u00e4llning i Stockholm; hyllas f\u00f6r sina insatser av Spada i Stockholms Dagblad. Deltar i svensk utst\u00e4llning i S:t Petersburg. Richards Berghs uppsats \u00bbKarl Nordstr\u00f6m och det moderna st\u00e4mningslandskapet\u00ab publiceras i Ord och Bild.<\/td>\n<\/tr>\n<tr>\n<td width=\"75\">1898<\/td>\n<td width=\"529\">Deltar i Konstn\u00e4rsf\u00f6rbundets v\u00e5rutst\u00e4llning i Stockholm med bl a HARTIPPEN P\u00c5 TJ\u00d6RN. Ser Leclerq\u2019s utst\u00e4llning modernt franskt m\u00e5leri i Stockholm<\/td>\n<\/tr>\n<tr>\n<td width=\"75\">1899<\/td>\n<td width=\"529\">Deltar i Konstn\u00e4rsf\u00f6rbundets utst\u00e4llning i Stockholm med bl a BERGET (ink\u00f6ps av danska staten).<\/td>\n<\/tr>\n<tr>\n<td width=\"75\">1900<\/td>\n<td width=\"529\">Kommissarie f\u00f6r Konstn\u00e4rsf\u00f6rbundets tolfte utst\u00e4llning i Stockholm p\u00e5 v\u00e5ren; utst\u00e4ller bl. a VINTERAFTON VID ROSLAGSTULL. Deltar vid svenska konstavdelningen p\u00e5 V\u00e4rldsutst\u00e4llningen i Paris (kommissarie var Zorn). Kris inom Konstn\u00e4rsf\u00f6rbundet; flera av de yngre medlemmarna l\u00e4mnar f\u00f6rbundet.<\/td>\n<\/tr>\n<tr>\n<td width=\"75\">1901<\/td>\n<td width=\"529\">Deltar i Konstn\u00e4rsf\u00f6rbundets utst\u00e4llning i Stockholm, d\u00e4r Ernest Thiel ink\u00f6per MIDSOMMARELDAR VID OV\u00c4DER. Deltar i M\u00fcnchener Secessions internationella i M\u00fcnchen.<\/td>\n<\/tr>\n<tr>\n<td width=\"75\">1902<\/td>\n<td width=\"529\">Deltar i nordisk utst\u00e4llning i Krefeld, Tyskland samt i Konstf\u00f6rbundets utst\u00e4llning i Stockholm.<\/td>\n<\/tr>\n<tr>\n<td width=\"75\">1903<\/td>\n<td width=\"529\">Deltar med framg\u00e5ng p\u00e5 Konstn\u00e4rsf\u00f6rbundets stora utst\u00e4llning i K\u00f6penhamn.<\/td>\n<\/tr>\n<tr>\n<td width=\"75\">1904<\/td>\n<td width=\"529\">Flyttar in i nybyggt hyreshus p\u00e5 Norrtullsgatan 22. \u00a0Separatutst\u00e4llning (tillsammans med Christian Eriksson) i Stockholm.<\/td>\n<\/tr>\n<tr>\n<td width=\"75\">1905<\/td>\n<td width=\"529\">Oppositionens 20-\u00e5rsjubileum firas med stor utst\u00e4llning i en tillf\u00e4lligt uppf\u00f6rd tr\u00e4byggnad vid Djurg\u00e5rdsbron. Av Nordstr\u00f6ms exponerade arbeten ink\u00f6ps S:t OLOVS VARDAR och AFTONGL\u00d6D P\u00c5 BERGET av norska Nasjonalgalleriet. Hyllas vid sin 50-\u00e5rsdag av bl a Prins Eugen, August Strindberg och Hjalmar Branting.<\/td>\n<\/tr>\n<tr>\n<td width=\"75\">1906-08<\/td>\n<td width=\"529\">L\u00e4rare I Konstn\u00e4rsf\u00f6rbundets tredje skola.<\/td>\n<\/tr>\n<tr>\n<td width=\"75\">1908<\/td>\n<td width=\"529\">Separatutst\u00e4llning i Stockholm. Tillbringar sommaren i V\u00e4sterg\u00f6tland.<\/td>\n<\/tr>\n<tr>\n<td width=\"75\">1909<\/td>\n<td width=\"529\">Separatutst\u00e4llning i Uppsala (Verdandi studentf\u00f6rening). Sommaren i R\u00f6st\u00e5nga och Grevie i Sk\u00e5ne.<\/td>\n<\/tr>\n<tr>\n<td width=\"75\">1910<\/td>\n<td width=\"529\">Deltar i Konstn\u00e4rsf\u00f6rbundets utst\u00e4llning i Berlin (Berliner Secession).<\/td>\n<\/tr>\n<tr>\n<td width=\"75\">1911<\/td>\n<td width=\"529\">Ing\u00e5r i Lijevalchska kommitt\u00e9n, som detta \u00e5r b\u00f6rjar sitt arbete med planeringen av den nya konsthallen i Stockholm. Ing\u00e5r i kommitt\u00e9n f\u00f6r Nationalinsamlingen till August Strindberg. Deltar Konstn\u00e4rsf\u00f6rbundets utst\u00e4llning i G\u00f6teborg.<\/td>\n<\/tr>\n<tr>\n<td width=\"75\">1912<\/td>\n<td width=\"529\">Deltar i Konstn\u00e4rsf\u00f6rbundets \u00bbOlympiska utst\u00e4llning\u00ab i Stockholm i tillf\u00e4lligt uppf\u00f6rd byggnad vid Karlaplan. Bland inbjudna utst\u00e4llare (ej KF medlemmar) deltar Prins Eugen och Agu\u00e9li.<\/td>\n<\/tr>\n<tr>\n<td width=\"75\">1913<\/td>\n<td width=\"529\">Opereras f\u00f6r gallbesv\u00e4r, konvalescent st\u00f6rre delen av \u00e5ret. Tillbringar sommaren vid Sk\u00e4rholmen utanf\u00f6r Stockholm.<\/td>\n<\/tr>\n<tr>\n<td width=\"75\">1914<\/td>\n<td width=\"529\">B\u00f6rjar skriva dagbok, vilket han forts\u00e4tter med fram till sin d\u00f6d (Kungliga Biblioteket). \u00a0Konstn\u00e4rsf\u00f6rbundet tackar nej till deltagande i Baltiska utst\u00e4llningen.<\/td>\n<\/tr>\n<tr>\n<td width=\"75\">1915<\/td>\n<td width=\"529\">Konstn\u00e4rsf\u00f6rbundets nya utst\u00e4llnings- och f\u00f6rs\u00e4ljningslokal, AB Konstverk, \u00f6ppnar i Stockholm (Strandv\u00e4gen7) med Ernst Josephsons systerdotter Gelly Marcus som f\u00f6rest\u00e5ndare. Richard Bergh utses till chef f\u00f6r Nationalmuseum och Nordstr\u00f6m blir hans r\u00e5dgivare vid omdaningen av mus\u00e9et.<\/td>\n<\/tr>\n<tr>\n<td width=\"75\">1916<\/td>\n<td width=\"529\">Liljevalchs konsthall invigs med utst\u00e4llningen \u00bbLarsson, Liljefors och Zorn\u00ab. Deltar i Konstn\u00e4rsf\u00f6rbundets och \u00bbDe Ungas\u00ab utst\u00e4llning p\u00e5 Liljevalchs konsthall.<\/td>\n<\/tr>\n<tr>\n<td width=\"75\">1918<\/td>\n<td width=\"529\">Modern avlider i februari, n\u00e4ra 100 \u00e5r gammal. Enda sonen Sven avlider i december i spanska sjukan.<\/td>\n<\/tr>\n<tr>\n<td width=\"75\">1919<\/td>\n<td width=\"529\">Richard Bergh avlider i januari. Flyttar till Gr\u00f6ndal utanf\u00f6r Stockholm.<\/td>\n<\/tr>\n<tr>\n<td width=\"75\">1920<\/td>\n<td width=\"529\">Konstn\u00e4rsf\u00f6rbundet uppl\u00f6ses eftersom det ej l\u00e4ngre kunde \u00bbtj\u00e4na sitt \u00e4ndam\u00e5l s\u00e5 som man varit van att fodra av det\u00ab (ur Nordstr\u00f6ms pressmeddelande). Avreser till Frankrike med sin maka.<\/td>\n<\/tr>\n<tr>\n<td width=\"75\">1921<\/td>\n<td width=\"529\">Vistas i Frankrike.<\/td>\n<\/tr>\n<tr>\n<td width=\"75\">1922<\/td>\n<td width=\"529\">Stockholm. Tillbringar sommaren i Drottningholm (Kanton).<\/td>\n<\/tr>\n<tr>\n<td width=\"75\">1923<\/td>\n<td width=\"529\">Stor separatutst\u00e4llning i Liljevalchs konsthall. Tackar nej till deltagande i jubileumsutst\u00e4llningen i G\u00f6teborg. M\u00e5lar i Parken vid Drottningholm. Avlider den 16 augusti.<\/td>\n<\/tr>\n<\/tbody>\n<\/table>\n<p>&nbsp;<\/p>\n","protected":false},"excerpt":{"rendered":"<p>Ur katalog till utst\u00e4llningen Karl Nordstr\u00f6m 1992-1993; G\u00f6teborgs konstmuseum, Norrk\u00f6pings konstmuseum, Prins Eugens Waldemarsudde, Bohusl\u00e4ns museum \u00a0 1855 F\u00f6ddes den 11 juli p\u00e5 Tj\u00f6rn i Bohusl\u00e4n. F\u00f6r\u00e4ldrar: Kronol\u00e4nsman Anders Nordstr\u00f6m och Britt-Louise Hellberg 1875-76 Elev p\u00e5 Konstakademins principskola d\u00e4r han l\u00e4r k\u00e4nna Rickard Bergh och Nils Kreuger. 1877 Studier i Pers\u00e9us elevskola efter att ha &hellip; <a href=\"https:\/\/fkn.se\/index.php\/biografiska-uppgifter\/\" class=\"more-link\">Forts\u00e4tt l\u00e4sa <span class=\"screen-reader-text\">Biografiska uppgifter<\/span><\/a><\/p>\n","protected":false},"author":2,"featured_media":0,"parent":0,"menu_order":0,"comment_status":"closed","ping_status":"closed","template":"","meta":{"footnotes":""},"class_list":["post-2574","page","type-page","status-publish","hentry"],"_links":{"self":[{"href":"https:\/\/fkn.se\/index.php\/wp-json\/wp\/v2\/pages\/2574","targetHints":{"allow":["GET"]}}],"collection":[{"href":"https:\/\/fkn.se\/index.php\/wp-json\/wp\/v2\/pages"}],"about":[{"href":"https:\/\/fkn.se\/index.php\/wp-json\/wp\/v2\/types\/page"}],"author":[{"embeddable":true,"href":"https:\/\/fkn.se\/index.php\/wp-json\/wp\/v2\/users\/2"}],"replies":[{"embeddable":true,"href":"https:\/\/fkn.se\/index.php\/wp-json\/wp\/v2\/comments?post=2574"}],"version-history":[{"count":17,"href":"https:\/\/fkn.se\/index.php\/wp-json\/wp\/v2\/pages\/2574\/revisions"}],"predecessor-version":[{"id":4263,"href":"https:\/\/fkn.se\/index.php\/wp-json\/wp\/v2\/pages\/2574\/revisions\/4263"}],"wp:attachment":[{"href":"https:\/\/fkn.se\/index.php\/wp-json\/wp\/v2\/media?parent=2574"}],"curies":[{"name":"wp","href":"https:\/\/api.w.org\/{rel}","templated":true}]}}