{"id":2566,"date":"2020-01-21T14:24:36","date_gmt":"2020-01-21T13:24:36","guid":{"rendered":"http:\/\/fkn2.elji.info\/?page_id=2566"},"modified":"2023-11-05T22:00:12","modified_gmt":"2023-11-05T21:00:12","slug":"konstnarsforbundet","status":"publish","type":"page","link":"https:\/\/fkn.se\/index.php\/konstnarsforbundet\/","title":{"rendered":"Konstn\u00e4rsf\u00f6rbundet"},"content":{"rendered":"<p><strong>KONSTN\u00c4RSF\u00d6RBUNDET (1884-1920<\/strong><strong>)<\/strong><\/p>\n<p><strong>1886 <\/strong>den 18 augusti\u00b9 stiftades Konstn\u00e4rsf\u00f6rbundet \u00a0vid en sammankomst i G\u00f6teborg, p\u00e5 Hotell Christiania (nuvarande Eggers). 14 personer samlades i <strong>Anders<\/strong> <strong>Zorns\u00a0<\/strong>dublett f\u00f6r att konstituera sig till en stadgebunden f\u00f6rening.\u00a0<strong>Karl Nordstr\u00f6m\u00a0<\/strong>uts\u00e5gs till att f\u00f6ra protokoll.\u00b2 F\u00f6rbundets ledning skulle ombes\u00f6rjas av tv\u00e5 samverkande lokalstyrelser, en i Stockholm och en i Paris (den senare upph\u00f6rde 1892).<\/p>\n<p><strong>F\u00f6rhistoria\u00a0<\/strong><\/p>\n<p>I b\u00f6rjan av\u00a0<strong>1880-talet\u00a0<\/strong>hade ett antal svenska konstn\u00e4rer i Paris och d\u00e4romkring g\u00e5tt samman f\u00f6r att opponera mot utbildningen vid Kungliga Konstakademien i Stockholm, som man ans\u00e5g var alltf\u00f6r gammaldags, byr\u00e5kratisk och styrd av tradition och hierarki. Dessa konstn\u00e4rer kallades\u00a0<strong>Opponenterna.\u00a0<\/strong><strong>1884,\u00a0<\/strong>p\u00e5 sommaren, samlades flera av dem i\u00a0<strong>Ernst Josephsons\u00a0<\/strong>atelj\u00e9 i Paris, och best\u00e4mde sig att p\u00e5 egen hand anordna en utst\u00e4llning i Stockholm, som skulle kallas &#8221;Fr\u00e5n Seinens strand&#8221;. Ernst Josephson skrev ett par debattartiklar i DN under h\u00f6sten, med grundtesen att &#8221;<em>den sanne konstn\u00e4rens str\u00e4van skulle vara att tolka naturen, skapa fritt och sj\u00e4lvst\u00e4ndigt, befria sinnena och spegla tiden. Men den akademiska konstundervisningen i kungariket Sverige motverkade dessa goda syften.<\/em>&#8221;<em>\u00a0\u00a0<\/em>(Totte Wiberg, F\u00fcrstenbergska galleriet, 2009).\u00a0<strong>1885<\/strong> p\u00e5 v\u00e5ren utformade man en skrivelse till Konstakademien undertecknad av 84 svenska konstn\u00e4rer verksamma utomlands. I den kr\u00e4vde man fler m\u00f6jligheter att st\u00e4lla ut och ett st\u00f6rre inflytande p\u00e5 b\u00e5de organisation och undervisning. Den l\u00e4mnades till akademien i slutet av mars. Opponenternas utst\u00e4llning\u00a0&#8221;Fr\u00e5n Seinens strand&#8221;\u00a0\u00f6ppnade i Blanchs konstsalong i Stockholm i april, med 100 verk av 18 utst\u00e4llare. En akademisk jubileumsutst\u00e4llning, som opponenterna v\u00e4grade delta i, \u00e4gde rum i Stockholm i augusti. (Det var 150 \u00e5r sedan kungliga Konstakademiens tillkomst.) En ny\u00a0utst\u00e4llning,\u00a0&#8221;Opponenternas utst\u00e4llning&#8221;,<strong>\u00a0<\/strong>\u00f6ppnades \u00a0den 15 september i Blanchs\u00a0konstsalong med 155 verk av 59 utst\u00e4llare. <strong>1886<\/strong>,\u00a0den 16 augusti, invigdes G\u00f6teborgs nya konsthall Valand,\u00a0och i den utst\u00e4llningen deltog flera av opponenterna, dock ej i samlad grupp.\u00a0Konstn\u00e4rsf\u00f6rbundet\u00a0\u00f6ppnade en egen utst\u00e4llning i Stockholm i oktober.<\/p>\n<p><strong>Konstn\u00e4rsf\u00f6rbundet i forts\u00e4ttningen.<\/strong><\/p>\n<p>Medlemsantal 1886: 92, 1890: 96, 1910: 21. Under 1890-talet och in p\u00e5 1900-talet: Arrangerade och deltog i ett flertal utst\u00e4llningar i Sverige och Norden, dessutom i Chicago 1893, i Berlin 1896.<\/p>\n<figure id=\"attachment_2603\" aria-describedby=\"caption-attachment-2603\" style=\"width: 660px\" class=\"wp-caption alignnone\"><a href=\"http:\/\/fkn.se\/konstnarsforbundet\/bergh-konstnaesforbundet\/\" rel=\"attachment wp-att-2603\"><img loading=\"lazy\" decoding=\"async\" class=\"wp-image-2603 size-large\" src=\"http:\/\/fkn.se\/wp-content\/uploads\/2020\/01\/Bergh-Konstnaesforbundet-1024x773.jpg\" alt=\"\" width=\"660\" height=\"498\" srcset=\"https:\/\/fkn.se\/wp-content\/uploads\/2020\/01\/Bergh-Konstnaesforbundet-1024x773.jpg 1024w, https:\/\/fkn.se\/wp-content\/uploads\/2020\/01\/Bergh-Konstnaesforbundet-300x226.jpg 300w, https:\/\/fkn.se\/wp-content\/uploads\/2020\/01\/Bergh-Konstnaesforbundet-768x580.jpg 768w, https:\/\/fkn.se\/wp-content\/uploads\/2020\/01\/Bergh-Konstnaesforbundet.jpg 1416w\" sizes=\"auto, (max-width: 660px) 100vw, 660px\" \/><\/a><figcaption id=\"caption-attachment-2603\" class=\"wp-caption-text\">Richard Bergh, <em>Konstn\u00e4rsf\u00f6rbundets styrelse<\/em>. 1902. Nationalmuseum. \u00c4ven Kol och krita p\u00e5 papper, 1902. Prins Eugens Waldemarsudde.\u00a0 Fr\u00e5n fotografisk f\u00f6rlaga av Tekla Nordstr\u00f6m, 1902.<\/figcaption><\/figure>\n<p>1890-1908: Egen konstskola i Stockholm i tre omg\u00e5ngar; Karl Nordstr\u00f6m var l\u00e4rare i den tredje skolan 1905-1908. 1891 blev Karl Nordstr\u00f6m sekreterare och 1896 ordf\u00f6rande i Konstn\u00e4rsf\u00f6rbundet. Konstn\u00e4rsf\u00f6rbundet upph\u00f6rde <strong>1920.<\/strong><\/p>\n<figure id=\"attachment_2606\" aria-describedby=\"caption-attachment-2606\" style=\"width: 660px\" class=\"wp-caption alignnone\"><a href=\"http:\/\/fkn.se\/konstnarsforbundet\/styrelserum\/\" rel=\"attachment wp-att-2606\"><img loading=\"lazy\" decoding=\"async\" class=\"wp-image-2606 size-large\" src=\"http:\/\/fkn.se\/wp-content\/uploads\/2020\/01\/Styrelserum-1024x771.jpg\" alt=\"\" width=\"660\" height=\"497\" srcset=\"https:\/\/fkn.se\/wp-content\/uploads\/2020\/01\/Styrelserum-1024x771.jpg 1024w, https:\/\/fkn.se\/wp-content\/uploads\/2020\/01\/Styrelserum-300x226.jpg 300w, https:\/\/fkn.se\/wp-content\/uploads\/2020\/01\/Styrelserum-768x578.jpg 768w, https:\/\/fkn.se\/wp-content\/uploads\/2020\/01\/Styrelserum.jpg 1162w\" sizes=\"auto, (max-width: 660px) 100vw, 660px\" \/><\/a><figcaption id=\"caption-attachment-2606\" class=\"wp-caption-text\">Karl Nordstr\u00f6m, <em>Konstn\u00e4rsf\u00f6rbundets styrelserum<\/em>.\u00a0 Stockholms stad.<\/figcaption><\/figure>\n<p>(Sammanst\u00e4llning till FKN:s bes\u00f6k p\u00e5 Hotell Eggers den 3 februari 2018.\u00a0 Se vidare Sixten Str\u00f6mbom, <em>Konstn\u00e4rsf\u00f6rbundets historia, <\/em>del I 1945, del II 1965).<br \/>\n_________________________________________________________________<br \/>\n\u00b9) Sammantr\u00e4det \u00e4gde rum den <span style=\"text-decoration: underline;\">18<\/span> augusti 1886. Detta datum framg\u00e5r av\u00a0 Nordstr\u00f6ms protokoll (se nedan, not \u00b2). Ibland anges den 16 augusti, men det datumet g\u00e4ller f\u00f6r invigningen av G\u00f6teborgs nya konsthall, Valand. I samband med den \u00f6ppnades en utst\u00e4llning d\u00e4r &#8221;alla de fyra nordiska nationerna voro f\u00f6retr\u00e4dda.&#8221; (Opponenterna var f\u00f6r sig, ej i samlad grupp.) I Sixten Str\u00f6mboms digra bok om <em>Konstn\u00e4rsf\u00f6rbundets historia<\/em> (del I 1945) st\u00e5r det: &#8221;Tv\u00e5 dagar efter g\u00f6teborgs-utst\u00e4llningens \u00f6ppnande samlades opponenterna f\u00f6r att slutgiltigt konstituera sig till en stadgebunden f\u00f6rening. &#8212; Sammantr\u00e4det h\u00f6lls i Zorns dublett p\u00e5 Hotell Kristiania (nuv. Eggers) omedelbart efter valandsinvigningen.&#8221; (Sid 240)\u00a0 I \u00f6verrubriken p\u00e5 sidan 241 st\u00e5r det emellertid &#8221;KONSTN\u00c4RSF\u00d6RBUNDET STIFTADES D. 16 AUG 1886&#8221;. Troligen \u00e4r det denna felaktiga uppgift som ligger bakom att sammantr\u00e4det ibland f\u00e5tt oriktig datering, bl a i Wikipedia och Person, <span style=\"text-decoration: underline;\">Varbergsskolan<\/span> (1993).<\/p>\n<p>\u00b2) Protokoll f\u00f6rt av Karl Nordstr\u00f6m, \u00f6ver Konstn\u00e4rsf\u00f6rbundets konstituerande sammantr\u00e4de i G\u00f6teborg den 18 augusti 1886. Originalet i Nationalmusei arkiv.<\/p>\n<p><a href=\"http:\/\/fkn.se\/konstnarsforbundet\/knprotokoll-1\/\" rel=\"attachment wp-att-3143\"><img loading=\"lazy\" decoding=\"async\" class=\"alignnone size-large wp-image-3143\" src=\"http:\/\/fkn.se\/wp-content\/uploads\/2020\/09\/KNprotokoll-1-705x1024.jpg\" alt=\"\" width=\"660\" height=\"959\" srcset=\"https:\/\/fkn.se\/wp-content\/uploads\/2020\/09\/KNprotokoll-1-705x1024.jpg 705w, https:\/\/fkn.se\/wp-content\/uploads\/2020\/09\/KNprotokoll-1-207x300.jpg 207w, https:\/\/fkn.se\/wp-content\/uploads\/2020\/09\/KNprotokoll-1-768x1115.jpg 768w, https:\/\/fkn.se\/wp-content\/uploads\/2020\/09\/KNprotokoll-1.jpg 1091w\" sizes=\"auto, (max-width: 660px) 100vw, 660px\" \/><\/a><br \/>\n<a href=\"http:\/\/fkn.se\/konstnarsforbundet\/knprotokoll-2\/\" rel=\"attachment wp-att-3144\"><img loading=\"lazy\" decoding=\"async\" class=\"alignnone size-large wp-image-3144\" src=\"http:\/\/fkn.se\/wp-content\/uploads\/2020\/09\/KNprotokoll-2-721x1024.jpg\" alt=\"\" width=\"660\" height=\"937\" srcset=\"https:\/\/fkn.se\/wp-content\/uploads\/2020\/09\/KNprotokoll-2-721x1024.jpg 721w, https:\/\/fkn.se\/wp-content\/uploads\/2020\/09\/KNprotokoll-2-211x300.jpg 211w, https:\/\/fkn.se\/wp-content\/uploads\/2020\/09\/KNprotokoll-2-768x1091.jpg 768w, https:\/\/fkn.se\/wp-content\/uploads\/2020\/09\/KNprotokoll-2.jpg 1076w\" sizes=\"auto, (max-width: 660px) 100vw, 660px\" \/><\/a><br \/>\n<a href=\"http:\/\/fkn.se\/konstnarsforbundet\/knprotokoll-3\/\" rel=\"attachment wp-att-3145\"><img loading=\"lazy\" decoding=\"async\" class=\"alignnone size-large wp-image-3145\" src=\"http:\/\/fkn.se\/wp-content\/uploads\/2020\/09\/KNprotokoll-3-633x1024.jpg\" alt=\"\" width=\"633\" height=\"1024\" srcset=\"https:\/\/fkn.se\/wp-content\/uploads\/2020\/09\/KNprotokoll-3-633x1024.jpg 633w, https:\/\/fkn.se\/wp-content\/uploads\/2020\/09\/KNprotokoll-3-185x300.jpg 185w, https:\/\/fkn.se\/wp-content\/uploads\/2020\/09\/KNprotokoll-3-768x1242.jpg 768w, https:\/\/fkn.se\/wp-content\/uploads\/2020\/09\/KNprotokoll-3.jpg 1069w\" sizes=\"auto, (max-width: 633px) 100vw, 633px\" \/><\/a><br \/>\n<a href=\"http:\/\/fkn.se\/konstnarsforbundet\/knprotokoll-4\/\" rel=\"attachment wp-att-3146\"><img loading=\"lazy\" decoding=\"async\" class=\"alignnone size-large wp-image-3146\" src=\"http:\/\/fkn.se\/wp-content\/uploads\/2020\/09\/KNprotokoll-4-658x1024.jpg\" alt=\"\" width=\"658\" height=\"1024\" srcset=\"https:\/\/fkn.se\/wp-content\/uploads\/2020\/09\/KNprotokoll-4-658x1024.jpg 658w, https:\/\/fkn.se\/wp-content\/uploads\/2020\/09\/KNprotokoll-4-193x300.jpg 193w, https:\/\/fkn.se\/wp-content\/uploads\/2020\/09\/KNprotokoll-4-768x1195.jpg 768w, https:\/\/fkn.se\/wp-content\/uploads\/2020\/09\/KNprotokoll-4.jpg 1073w\" sizes=\"auto, (max-width: 658px) 100vw, 658px\" \/><\/a><\/p>\n<p>&nbsp;<\/p>\n","protected":false},"excerpt":{"rendered":"<p>KONSTN\u00c4RSF\u00d6RBUNDET (1884-1920) 1886 den 18 augusti\u00b9 stiftades Konstn\u00e4rsf\u00f6rbundet \u00a0vid en sammankomst i G\u00f6teborg, p\u00e5 Hotell Christiania (nuvarande Eggers). 14 personer samlades i Anders Zorns\u00a0dublett f\u00f6r att konstituera sig till en stadgebunden f\u00f6rening.\u00a0Karl Nordstr\u00f6m\u00a0uts\u00e5gs till att f\u00f6ra protokoll.\u00b2 F\u00f6rbundets ledning skulle ombes\u00f6rjas av tv\u00e5 samverkande lokalstyrelser, en i Stockholm och en i Paris (den senare upph\u00f6rde &hellip; <a href=\"https:\/\/fkn.se\/index.php\/konstnarsforbundet\/\" class=\"more-link\">Forts\u00e4tt l\u00e4sa <span class=\"screen-reader-text\">Konstn\u00e4rsf\u00f6rbundet<\/span><\/a><\/p>\n","protected":false},"author":4,"featured_media":0,"parent":0,"menu_order":0,"comment_status":"closed","ping_status":"closed","template":"","meta":{"footnotes":""},"class_list":["post-2566","page","type-page","status-publish","hentry"],"_links":{"self":[{"href":"https:\/\/fkn.se\/index.php\/wp-json\/wp\/v2\/pages\/2566","targetHints":{"allow":["GET"]}}],"collection":[{"href":"https:\/\/fkn.se\/index.php\/wp-json\/wp\/v2\/pages"}],"about":[{"href":"https:\/\/fkn.se\/index.php\/wp-json\/wp\/v2\/types\/page"}],"author":[{"embeddable":true,"href":"https:\/\/fkn.se\/index.php\/wp-json\/wp\/v2\/users\/4"}],"replies":[{"embeddable":true,"href":"https:\/\/fkn.se\/index.php\/wp-json\/wp\/v2\/comments?post=2566"}],"version-history":[{"count":30,"href":"https:\/\/fkn.se\/index.php\/wp-json\/wp\/v2\/pages\/2566\/revisions"}],"predecessor-version":[{"id":4267,"href":"https:\/\/fkn.se\/index.php\/wp-json\/wp\/v2\/pages\/2566\/revisions\/4267"}],"wp:attachment":[{"href":"https:\/\/fkn.se\/index.php\/wp-json\/wp\/v2\/media?parent=2566"}],"curies":[{"name":"wp","href":"https:\/\/api.w.org\/{rel}","templated":true}]}}